{"id":3339,"date":"2022-04-20T11:17:24","date_gmt":"2022-04-20T14:17:24","guid":{"rendered":"https:\/\/alapcco.com\/?page_id=3339"},"modified":"2022-05-12T16:12:46","modified_gmt":"2022-05-12T19:12:46","slug":"clapcco-1996","status":"publish","type":"page","link":"https:\/\/alapcco.com\/es\/clapcco-1996","title":{"rendered":"CLAPCCO 1996"},"content":{"rendered":"<section style=\"background-image: url('https:\/\/alapcco.com\/wp-content\/uploads\/2022\/04\/alapcco-banner-interno.jpg');\">\n<h1>CLAPCCO 1996<\/h1>\n<ul>\n<li><a href=\"http:\/\/alapcco.web2128.uni5.net\/es\/\">INICIO &nbsp;<\/a><\/li>\n<li>CLAPCCO 1996<\/li>\n<\/ul>\n<\/section>\n<h2>I CLAPCCO 1996<\/h2>\n<p>En 1996, el 1 de noviembre, la Asociaci\u00f3n Argentina de Terapia Cognitiva (AATC) invit\u00f3 a colegas de Brasil (Bernard Rang\u00e9, Paulo Knapp y Cristiano Nabuco de Abreu), Chile (Augusto Zagmutt y Roberto Opazo) y Uruguay (Raquel Zamora) a participar de el 1er Simposio Latinoamericano en Buenos Aires\/Argentina, con el objetivo de reunir a terapeutas cognitivos de esta regi\u00f3n y promover espacios de divulgaci\u00f3n, desarrollo e intercambio te\u00f3rico y cl\u00ednico. Este encuentro fue considerado la fundaci\u00f3n de ALAPCO, y unos a\u00f1os m\u00e1s tarde se conoci\u00f3 como el Primer Congreso Latinoamericano de Terapias Cognitivas (I CLAPCCO), de lo que ser\u00eda la Asociaci\u00f3n Latinoamericana de Psicoterapias Cognitivas (ALAPCO).&nbsp;<\/p>\n","protected":false},"excerpt":{"rendered":"<p>CLAPCCO 1996 INICIO &nbsp; CLAPCCO 1996 I CLAPCCO 1996 En 1996, el 1 de noviembre, la Asociaci\u00f3n Argentina de Terapia Cognitiva (AATC) invit\u00f3 a colegas de Brasil (Bernard Rang\u00e9, Paulo Knapp y Cristiano Nabuco de Abreu), Chile (Augusto Zagmutt y Roberto Opazo) y Uruguay (Raquel Zamora) a participar de el 1er Simposio Latinoamericano en Buenos [&hellip;]<\/p>\n","protected":false},"author":1,"featured_media":0,"parent":0,"menu_order":0,"comment_status":"closed","ping_status":"closed","template":"","meta":{"footnotes":""},"translation":{"provider":"WPGlobus","version":"2.8.11","language":"es","enabled_languages":["br","en","es"],"languages":{"br":{"title":true,"content":true,"excerpt":false},"en":{"title":true,"content":true,"excerpt":false},"es":{"title":true,"content":true,"excerpt":false}}},"yoast_head":"<!-- This site is optimized with the Yoast SEO plugin v18.5.1 - https:\/\/yoast.com\/wordpress\/plugins\/seo\/ -->\n<title>CLAPCCO 1996 - FEDERACI\u00d3N LATINOAMERICANA DE PSICOTERAPIAS COGNITIVAS Y CONDUCTUALES<\/title>\n<meta name=\"description\" content=\"Conozca el CLAPCCO 1996\" \/>\n<meta name=\"robots\" content=\"index, follow, max-snippet:-1, max-image-preview:large, max-video-preview:-1\" \/>\n<link rel=\"canonical\" href=\"https:\/\/alapcco.com\/clapcco-1996\" \/>\n<meta property=\"og:locale\" content=\"es_ES\" \/>\n<meta property=\"og:type\" content=\"article\" \/>\n<meta property=\"og:title\" content=\"CLAPCCO 1996 - FEDERACI\u00d3N LATINOAMERICANA DE PSICOTERAPIAS COGNITIVAS Y CONDUCTUALES\" \/>\n<meta property=\"og:description\" content=\"Conozca el CLAPCCO 1996\" \/>\n<meta property=\"og:url\" content=\"https:\/\/alapcco.com\/clapcco-1996\" \/>\n<meta property=\"og:site_name\" content=\"FEDERACI\u00d3N LATINOAMERICANA DE PSICOTERAPIAS COGNITIVAS Y CONDUCTUALES\" \/>\n<meta property=\"article:publisher\" content=\"https:\/\/www.facebook.com\/alapcco\/\" \/>\n<meta property=\"article:modified_time\" content=\"2022-05-12T19:12:46+00:00\" \/>\n<meta name=\"twitter:card\" content=\"summary_large_image\" \/>\n<meta name=\"twitter:site\" content=\"@alapcco\" \/>\n<meta name=\"twitter:label1\" content=\"Est. reading time\" \/>\n\t<meta name=\"twitter:data1\" content=\"1 minute\" \/>\n<script type=\"application\/ld+json\" class=\"yoast-schema-graph\">{\"@context\":\"https:\/\/schema.org\",\"@graph\":[{\"@type\":\"Organization\",\"@id\":\"https:\/\/alapcco.com\/#organization\",\"name\":\"ALAPCCO\",\"url\":\"https:\/\/alapcco.com\/\",\"sameAs\":[\"https:\/\/www.facebook.com\/alapcco\/\",\"https:\/\/www.instagram.com\/alapcco\/\",\"https:\/\/www.youtube.com\/channel\/UCfJL3qCIcj37d0T94XRxWdg\",\"https:\/\/twitter.com\/alapcco\"],\"logo\":{\"@type\":\"ImageObject\",\"@id\":\"https:\/\/alapcco.com\/#logo\",\"inLanguage\":\"es-ES\",\"url\":\"https:\/\/alapcco.com\/wp-content\/uploads\/2021\/10\/logo-alapcco.png\",\"contentUrl\":\"https:\/\/alapcco.com\/wp-content\/uploads\/2021\/10\/logo-alapcco.png\",\"width\":1024,\"height\":246,\"caption\":\"ALAPCCO\"},\"image\":{\"@id\":\"https:\/\/alapcco.com\/#logo\"}},{\"@type\":\"WebSite\",\"@id\":\"https:\/\/alapcco.com\/#website\",\"url\":\"https:\/\/alapcco.com\/\",\"name\":\"FEDERACI\u00d3N LATINOAMERICANA DE PSICOTERAPIAS COGNITIVAS Y CONDUCTUALES\",\"description\":\"FEDERACI\u00d3N LATINOAMERICANA DE PSICOTERAPIAS COGNITIVAS Y CONDUCTUALES\",\"publisher\":{\"@id\":\"https:\/\/alapcco.com\/#organization\"},\"potentialAction\":[{\"@type\":\"SearchAction\",\"target\":{\"@type\":\"EntryPoint\",\"urlTemplate\":\"https:\/\/alapcco.com\/?s={search_term_string}\"},\"query-input\":\"required name=search_term_string\"}],\"inLanguage\":\"es-ES\"},{\"@type\":\"WebPage\",\"@id\":\"https:\/\/alapcco.com\/clapcco-1996#webpage\",\"url\":\"https:\/\/alapcco.com\/clapcco-1996\",\"name\":\"CLAPCCO 1996 - FEDERACI\u00d3N LATINOAMERICANA DE PSICOTERAPIAS COGNITIVAS Y CONDUCTUALES\",\"isPartOf\":{\"@id\":\"https:\/\/alapcco.com\/#website\"},\"datePublished\":\"2022-04-20T14:17:24+00:00\",\"dateModified\":\"2022-05-12T19:12:46+00:00\",\"description\":\"Conozca el CLAPCCO 1996\",\"breadcrumb\":{\"@id\":\"https:\/\/alapcco.com\/clapcco-1996#breadcrumb\"},\"inLanguage\":\"es-ES\",\"potentialAction\":[{\"@type\":\"ReadAction\",\"target\":[\"https:\/\/alapcco.com\/clapcco-1996\"]}]},{\"@type\":\"BreadcrumbList\",\"@id\":\"https:\/\/alapcco.com\/clapcco-1996#breadcrumb\",\"itemListElement\":[{\"@type\":\"ListItem\",\"position\":1,\"name\":\"In\u00edcio\",\"item\":\"https:\/\/alapcco.com\/\"},{\"@type\":\"ListItem\",\"position\":2,\"name\":\"CLAPCCO 1996\"}]}]}<\/script>\n<!-- \/ Yoast SEO plugin. -->","yoast_head_json":{"title":"CLAPCCO 1996 - FEDERACI\u00d3N LATINOAMERICANA DE PSICOTERAPIAS COGNITIVAS Y CONDUCTUALES","description":"Conozca el CLAPCCO 1996","robots":{"index":"index","follow":"follow","max-snippet":"max-snippet:-1","max-image-preview":"max-image-preview:large","max-video-preview":"max-video-preview:-1"},"canonical":"https:\/\/alapcco.com\/clapcco-1996","og_locale":"es_ES","og_type":"article","og_title":"CLAPCCO 1996 - FEDERACI\u00d3N LATINOAMERICANA DE PSICOTERAPIAS COGNITIVAS Y CONDUCTUALES","og_description":"Conozca el CLAPCCO 1996","og_url":"https:\/\/alapcco.com\/clapcco-1996","og_site_name":"FEDERACI\u00d3N LATINOAMERICANA DE PSICOTERAPIAS COGNITIVAS Y CONDUCTUALES","article_publisher":"https:\/\/www.facebook.com\/alapcco\/","article_modified_time":"2022-05-12T19:12:46+00:00","twitter_card":"summary_large_image","twitter_site":"@alapcco","twitter_misc":{"Est. reading time":"1 minute"},"schema":{"@context":"https:\/\/schema.org","@graph":[{"@type":"Organization","@id":"https:\/\/alapcco.com\/#organization","name":"ALAPCCO","url":"https:\/\/alapcco.com\/","sameAs":["https:\/\/www.facebook.com\/alapcco\/","https:\/\/www.instagram.com\/alapcco\/","https:\/\/www.youtube.com\/channel\/UCfJL3qCIcj37d0T94XRxWdg","https:\/\/twitter.com\/alapcco"],"logo":{"@type":"ImageObject","@id":"https:\/\/alapcco.com\/#logo","inLanguage":"es-ES","url":"https:\/\/alapcco.com\/wp-content\/uploads\/2021\/10\/logo-alapcco.png","contentUrl":"https:\/\/alapcco.com\/wp-content\/uploads\/2021\/10\/logo-alapcco.png","width":1024,"height":246,"caption":"ALAPCCO"},"image":{"@id":"https:\/\/alapcco.com\/#logo"}},{"@type":"WebSite","@id":"https:\/\/alapcco.com\/#website","url":"https:\/\/alapcco.com\/","name":"FEDERACI\u00d3N LATINOAMERICANA DE PSICOTERAPIAS COGNITIVAS Y CONDUCTUALES","description":"FEDERACI\u00d3N LATINOAMERICANA DE PSICOTERAPIAS COGNITIVAS Y CONDUCTUALES","publisher":{"@id":"https:\/\/alapcco.com\/#organization"},"potentialAction":[{"@type":"SearchAction","target":{"@type":"EntryPoint","urlTemplate":"https:\/\/alapcco.com\/?s={search_term_string}"},"query-input":"required name=search_term_string"}],"inLanguage":"es-ES"},{"@type":"WebPage","@id":"https:\/\/alapcco.com\/clapcco-1996#webpage","url":"https:\/\/alapcco.com\/clapcco-1996","name":"CLAPCCO 1996 - FEDERACI\u00d3N LATINOAMERICANA DE PSICOTERAPIAS COGNITIVAS Y CONDUCTUALES","isPartOf":{"@id":"https:\/\/alapcco.com\/#website"},"datePublished":"2022-04-20T14:17:24+00:00","dateModified":"2022-05-12T19:12:46+00:00","description":"Conozca el CLAPCCO 1996","breadcrumb":{"@id":"https:\/\/alapcco.com\/clapcco-1996#breadcrumb"},"inLanguage":"es-ES","potentialAction":[{"@type":"ReadAction","target":["https:\/\/alapcco.com\/clapcco-1996"]}]},{"@type":"BreadcrumbList","@id":"https:\/\/alapcco.com\/clapcco-1996#breadcrumb","itemListElement":[{"@type":"ListItem","position":1,"name":"In\u00edcio","item":"https:\/\/alapcco.com\/"},{"@type":"ListItem","position":2,"name":"CLAPCCO 1996"}]}]}},"_links":{"self":[{"href":"https:\/\/alapcco.com\/es\/wp-json\/wp\/v2\/pages\/3339"}],"collection":[{"href":"https:\/\/alapcco.com\/es\/wp-json\/wp\/v2\/pages"}],"about":[{"href":"https:\/\/alapcco.com\/es\/wp-json\/wp\/v2\/types\/page"}],"author":[{"embeddable":true,"href":"https:\/\/alapcco.com\/es\/wp-json\/wp\/v2\/users\/1"}],"replies":[{"embeddable":true,"href":"https:\/\/alapcco.com\/es\/wp-json\/wp\/v2\/comments?post=3339"}],"version-history":[{"count":47,"href":"https:\/\/alapcco.com\/es\/wp-json\/wp\/v2\/pages\/3339\/revisions"}],"predecessor-version":[{"id":5727,"href":"https:\/\/alapcco.com\/es\/wp-json\/wp\/v2\/pages\/3339\/revisions\/5727"}],"wp:attachment":[{"href":"https:\/\/alapcco.com\/es\/wp-json\/wp\/v2\/media?parent=3339"}],"curies":[{"name":"wp","href":"https:\/\/api.w.org\/{rel}","templated":true}]}}