{"id":2019,"date":"2022-02-21T17:15:32","date_gmt":"2022-02-21T20:15:32","guid":{"rendered":"https:\/\/alapcco.com\/?page_id=2019"},"modified":"2024-06-07T15:25:26","modified_gmt":"2024-06-07T18:25:26","slug":"clapcco","status":"publish","type":"page","link":"https:\/\/alapcco.com\/es\/clapcco","title":{"rendered":"CLAPCCO"},"content":{"rendered":"<section style=\"background-image: url('https:\/\/alapcco.com\/wp-content\/uploads\/2022\/04\/alapcco-banner-interno.jpg');\">\n<h1>CLAPCCO<\/h1>\n<ul>\n<li><a href=\"http:\/\/alapcco.web2128.uni5.net\/es\/\">INICIO &nbsp;<\/a><\/li>\n<li>CLAPCCO<\/li>\n<\/ul>\n<\/section>\n<h2>Historia de CLAPCCO<\/h2>\n<p>CLAPCCO es un congreso promovido por ALAPCCO y tiene como objetivo reunir conferencias, mesas redondas y otras presentaciones con los temas m\u00e1s relevantes de la Terapia Cognitiva y Conductual en Am\u00e9rica Latina.<br \/>Este evento se realiza cada dos a\u00f1os y su primera edici\u00f3n tuvo lugar en 1996 en Buenos Aires\/Argentina. Hoy, CLAPCCO ya va por su und\u00e9cima edici\u00f3n, todo presencial.<\/p>\n<h2>SIGUIENTE EDICI\u00d3N<\/h2>\n<p><strong>XIII CLAPCCO 2025<\/strong> \u2013 edici\u00f3n presencial a realizarse en mayo de 2025 en la ciudad de M\u00e9rida\/MEXICO<\/p>\n<p>\t\t\t<a href=\"https:\/\/clapcco.com\" role=\"button\"><br \/>\n\t\t\t\t\t\tAcceder al sitio<br \/>\n\t\t\t\t\t<\/a><\/p>\n<h2>EDICIONES ANTERIORES<\/h2>\n<p><strong>XII CLPCCO 2023<\/strong> \u2013 edici\u00f3n presencial realizada en marzo de 2023 en la ciudad de Montevideo\/URUGUAY.<\/p>\n<p>\t\t\t<a href=\"https:\/\/alapcco.com\/es\/clapcco-2023\" role=\"button\"><br \/>\n\t\t\t\t\t\tVer las fotos<br \/>\n\t\t\t\t\t<\/a><\/p>\n<p><strong>XI CLPCCO 2019<\/strong> \u2013 edici\u00f3n presencial realizada en abril de 2019 en la ciudad de Fortaleza\/BRASIL.<\/p>\n<p>\t\t\t<a href=\"https:\/\/alapcco.com\/es\/clapcco-2019\" role=\"button\"><br \/>\n\t\t\t\t\t\tVer las fotos<br \/>\n\t\t\t\t\t<\/a><\/p>\n<p><strong>X CLAPCCO 2015<\/strong> \u2013 edici\u00f3n presencial realizada en mayo de 2015 en la ciudad de Santiago\/CHILE.<\/p>\n<p>\t\t\t<a href=\"https:\/\/alapcco.com\/es\/clapcco-2015\" role=\"button\"><br \/>\n\t\t\t\t\t\tVer las fotos<br \/>\n\t\t\t\t\t<\/a><\/p>\n<p><strong>IX CLAPCCO 2012<\/strong> \u2013 edici\u00f3n presencial realizada en abril de 2012 en la ciudad de Rio de Janeiro\/BRASIL.<\/p>\n<p>\t\t\t<a href=\"https:\/\/alapcco.com\/es\/clapcco-2012\" role=\"button\"><br \/>\n\t\t\t\t\t\tVer las fotos<br \/>\n\t\t\t\t\t<\/a><\/p>\n<p><strong>VIII CLAPCCO 2010<\/strong> \u2013 edici\u00f3n presencial realizada en abril de 2010 en la ciudad de Bogot\u00e1\/COLOMBIA.<\/p>\n<p>\t\t\t<a href=\"https:\/\/alapcco.com\/es\/clapcco-2010\" role=\"button\"><br \/>\n\t\t\t\t\t\tVer las fotos<br \/>\n\t\t\t\t\t<\/a><\/p>\n<p><strong>VII CLAPCCO 2008<\/strong> \u2013 edici\u00f3n presencial realizada en mayo de 2008 en la ciudad de Montevideo\/URUGUAY.<\/p>\n<p>\t\t\t<a href=\"https:\/\/alapcco.com\/es\/clapcco-2008\" role=\"button\"><br \/>\n\t\t\t\t\t\tVer las fotos<br \/>\n\t\t\t\t\t<\/a><\/p>\n<p><strong>VI CLAPCCO 2006<\/strong> \u2013 edici\u00f3n presencial realizada en mayo de 2006 en la ciudad de Buenos Aires\/ARGENTINA.<\/p>\n<p>\t\t\t<a href=\"https:\/\/alapcco.com\/es\/clapcco-2006\" role=\"button\"><br \/>\n\t\t\t\t\t\tVer las fotos<br \/>\n\t\t\t\t\t<\/a><\/p>\n<p><strong>V CLAPCCO 2004<\/strong> \u2013 edici\u00f3n presencial realizada en abril de 2004 en la ciudad de Porto Alegre\/BRASIL.<\/p>\n<p>\t\t\t<a href=\"https:\/\/alapcco.com\/es\/clapcco-2004\" role=\"button\"><br \/>\n\t\t\t\t\t\tVer las fotos<br \/>\n\t\t\t\t\t<\/a><\/p>\n<p><strong>IV CLAPCCO 2002<\/strong> \u2013 edici\u00f3n presencial realizada en abril de 2002 en la ciudad de Santiago\/CHILE.<\/p>\n<p>\t\t\t<a href=\"https:\/\/alapcco.com\/es\/clapcco-2002\" role=\"button\"><br \/>\n\t\t\t\t\t\tVer las fotos<br \/>\n\t\t\t\t\t<\/a><\/p>\n<p><strong>III CLAPCCO 2000<\/strong> \u2013 edici\u00f3n presencial realizada en abril de 2000 en la ciudad de Montevideo\/URUGUAY<\/p>\n<p>\t\t\t<a href=\"https:\/\/alapcco.com\/es\/clapcco-2000\" role=\"button\"><br \/>\n\t\t\t\t\t\tVer las fotos<br \/>\n\t\t\t\t\t<\/a><\/p>\n<p><strong>II CLAPCCO 1998<\/strong> \u2013 edici\u00f3n presencial realizada en abril de 1998 en la ciudad de Gramado\/BRASIL<\/p>\n<p>\t\t\t<a href=\"https:\/\/alapcco.com\/es\/clapcco-1998\" role=\"button\"><br \/>\n\t\t\t\t\t\tVer las fotos<br \/>\n\t\t\t\t\t<\/a><\/p>\n<p><strong>I CLAPCCO 1996<\/strong> \u2013 edici\u00f3n presencial realizada en ARGENTINA.<\/p>\n<p>\t\t\t<a href=\"https:\/\/alapcco.com\/es\/clapcco-1996\" role=\"button\"><br \/>\n\t\t\t\t\t\tVer las fotos<br \/>\n\t\t\t\t\t<\/a><\/p>\n","protected":false},"excerpt":{"rendered":"<p>CLAPCCO INICIO &nbsp; CLAPCCO Historia de CLAPCCO CLAPCCO es un congreso promovido por ALAPCCO y tiene como objetivo reunir conferencias, mesas redondas y otras presentaciones con los temas m\u00e1s relevantes de la Terapia Cognitiva y Conductual en Am\u00e9rica Latina.Este evento se realiza cada dos a\u00f1os y su primera edici\u00f3n tuvo lugar en 1996 en Buenos [&hellip;]<\/p>\n","protected":false},"author":1,"featured_media":0,"parent":0,"menu_order":0,"comment_status":"closed","ping_status":"closed","template":"elementor_theme","meta":{"footnotes":""},"translation":{"provider":"WPGlobus","version":"2.8.11","language":"es","enabled_languages":["br","en","es"],"languages":{"br":{"title":true,"content":true,"excerpt":false},"en":{"title":true,"content":true,"excerpt":false},"es":{"title":true,"content":true,"excerpt":false}}},"yoast_head":"<!-- This site is optimized with the Yoast SEO plugin v18.5.1 - https:\/\/yoast.com\/wordpress\/plugins\/seo\/ -->\n<title>CLAPCCO - FEDERACI\u00d3N LATINOAMERICANA DE PSICOTERAPIAS COGNITIVAS Y CONDUCTUALES<\/title>\n<meta name=\"robots\" content=\"index, follow, max-snippet:-1, max-image-preview:large, max-video-preview:-1\" \/>\n<link rel=\"canonical\" href=\"https:\/\/alapcco.com\/clapcco\" \/>\n<meta property=\"og:locale\" content=\"es_ES\" \/>\n<meta property=\"og:type\" content=\"article\" \/>\n<meta property=\"og:title\" content=\"CLAPCCO - FEDERACI\u00d3N LATINOAMERICANA DE PSICOTERAPIAS COGNITIVAS Y CONDUCTUALES\" \/>\n<meta property=\"og:url\" content=\"https:\/\/alapcco.com\/clapcco\" \/>\n<meta property=\"og:site_name\" content=\"FEDERACI\u00d3N LATINOAMERICANA DE PSICOTERAPIAS COGNITIVAS Y CONDUCTUALES\" \/>\n<meta property=\"article:publisher\" content=\"https:\/\/www.facebook.com\/alapcco\/\" \/>\n<meta property=\"article:modified_time\" content=\"2024-06-07T18:25:26+00:00\" \/>\n<meta name=\"twitter:card\" content=\"summary_large_image\" \/>\n<meta name=\"twitter:site\" content=\"@alapcco\" \/>\n<meta name=\"twitter:label1\" content=\"Est. reading time\" \/>\n\t<meta name=\"twitter:data1\" content=\"2 minutes\" \/>\n<script type=\"application\/ld+json\" class=\"yoast-schema-graph\">{\"@context\":\"https:\/\/schema.org\",\"@graph\":[{\"@type\":\"Organization\",\"@id\":\"https:\/\/alapcco.com\/#organization\",\"name\":\"ALAPCCO\",\"url\":\"https:\/\/alapcco.com\/\",\"sameAs\":[\"https:\/\/www.facebook.com\/alapcco\/\",\"https:\/\/www.instagram.com\/alapcco\/\",\"https:\/\/www.youtube.com\/channel\/UCfJL3qCIcj37d0T94XRxWdg\",\"https:\/\/twitter.com\/alapcco\"],\"logo\":{\"@type\":\"ImageObject\",\"@id\":\"https:\/\/alapcco.com\/#logo\",\"inLanguage\":\"es-ES\",\"url\":\"https:\/\/alapcco.com\/wp-content\/uploads\/2021\/10\/logo-alapcco.png\",\"contentUrl\":\"https:\/\/alapcco.com\/wp-content\/uploads\/2021\/10\/logo-alapcco.png\",\"width\":1024,\"height\":246,\"caption\":\"ALAPCCO\"},\"image\":{\"@id\":\"https:\/\/alapcco.com\/#logo\"}},{\"@type\":\"WebSite\",\"@id\":\"https:\/\/alapcco.com\/#website\",\"url\":\"https:\/\/alapcco.com\/\",\"name\":\"FEDERACI\u00d3N LATINOAMERICANA DE PSICOTERAPIAS COGNITIVAS Y CONDUCTUALES\",\"description\":\"FEDERACI\u00d3N LATINOAMERICANA DE PSICOTERAPIAS COGNITIVAS Y CONDUCTUALES\",\"publisher\":{\"@id\":\"https:\/\/alapcco.com\/#organization\"},\"potentialAction\":[{\"@type\":\"SearchAction\",\"target\":{\"@type\":\"EntryPoint\",\"urlTemplate\":\"https:\/\/alapcco.com\/?s={search_term_string}\"},\"query-input\":\"required name=search_term_string\"}],\"inLanguage\":\"es-ES\"},{\"@type\":\"WebPage\",\"@id\":\"https:\/\/alapcco.com\/clapcco#webpage\",\"url\":\"https:\/\/alapcco.com\/clapcco\",\"name\":\"CLAPCCO - FEDERACI\u00d3N LATINOAMERICANA DE PSICOTERAPIAS COGNITIVAS Y CONDUCTUALES\",\"isPartOf\":{\"@id\":\"https:\/\/alapcco.com\/#website\"},\"datePublished\":\"2022-02-21T20:15:32+00:00\",\"dateModified\":\"2024-06-07T18:25:26+00:00\",\"description\":\"CLAPCCO es un congreso promovido por ALAPCCO y tiene como objetivo reunir conferencias, mesas redondas y otras presentaciones con los temas m\u00e1s relevantes de la Terapia Cognitiva y Conductual en Am\u00e9rica Latina.\",\"breadcrumb\":{\"@id\":\"https:\/\/alapcco.com\/clapcco#breadcrumb\"},\"inLanguage\":\"es-ES\",\"potentialAction\":[{\"@type\":\"ReadAction\",\"target\":[\"https:\/\/alapcco.com\/clapcco\"]}]},{\"@type\":\"BreadcrumbList\",\"@id\":\"https:\/\/alapcco.com\/clapcco#breadcrumb\",\"itemListElement\":[{\"@type\":\"ListItem\",\"position\":1,\"name\":\"In\u00edcio\",\"item\":\"https:\/\/alapcco.com\/\"},{\"@type\":\"ListItem\",\"position\":2,\"name\":\"CLAPCCO\"}]}]}<\/script>\n<!-- \/ Yoast SEO plugin. -->","yoast_head_json":{"title":"CLAPCCO - FEDERACI\u00d3N LATINOAMERICANA DE PSICOTERAPIAS COGNITIVAS Y CONDUCTUALES","robots":{"index":"index","follow":"follow","max-snippet":"max-snippet:-1","max-image-preview":"max-image-preview:large","max-video-preview":"max-video-preview:-1"},"canonical":"https:\/\/alapcco.com\/clapcco","og_locale":"es_ES","og_type":"article","og_title":"CLAPCCO - FEDERACI\u00d3N LATINOAMERICANA DE PSICOTERAPIAS COGNITIVAS Y CONDUCTUALES","og_url":"https:\/\/alapcco.com\/clapcco","og_site_name":"FEDERACI\u00d3N LATINOAMERICANA DE PSICOTERAPIAS COGNITIVAS Y CONDUCTUALES","article_publisher":"https:\/\/www.facebook.com\/alapcco\/","article_modified_time":"2024-06-07T18:25:26+00:00","twitter_card":"summary_large_image","twitter_site":"@alapcco","twitter_misc":{"Est. reading time":"2 minutes"},"schema":{"@context":"https:\/\/schema.org","@graph":[{"@type":"Organization","@id":"https:\/\/alapcco.com\/#organization","name":"ALAPCCO","url":"https:\/\/alapcco.com\/","sameAs":["https:\/\/www.facebook.com\/alapcco\/","https:\/\/www.instagram.com\/alapcco\/","https:\/\/www.youtube.com\/channel\/UCfJL3qCIcj37d0T94XRxWdg","https:\/\/twitter.com\/alapcco"],"logo":{"@type":"ImageObject","@id":"https:\/\/alapcco.com\/#logo","inLanguage":"es-ES","url":"https:\/\/alapcco.com\/wp-content\/uploads\/2021\/10\/logo-alapcco.png","contentUrl":"https:\/\/alapcco.com\/wp-content\/uploads\/2021\/10\/logo-alapcco.png","width":1024,"height":246,"caption":"ALAPCCO"},"image":{"@id":"https:\/\/alapcco.com\/#logo"}},{"@type":"WebSite","@id":"https:\/\/alapcco.com\/#website","url":"https:\/\/alapcco.com\/","name":"FEDERACI\u00d3N LATINOAMERICANA DE PSICOTERAPIAS COGNITIVAS Y CONDUCTUALES","description":"FEDERACI\u00d3N LATINOAMERICANA DE PSICOTERAPIAS COGNITIVAS Y CONDUCTUALES","publisher":{"@id":"https:\/\/alapcco.com\/#organization"},"potentialAction":[{"@type":"SearchAction","target":{"@type":"EntryPoint","urlTemplate":"https:\/\/alapcco.com\/?s={search_term_string}"},"query-input":"required name=search_term_string"}],"inLanguage":"es-ES"},{"@type":"WebPage","@id":"https:\/\/alapcco.com\/clapcco#webpage","url":"https:\/\/alapcco.com\/clapcco","name":"CLAPCCO - FEDERACI\u00d3N LATINOAMERICANA DE PSICOTERAPIAS COGNITIVAS Y CONDUCTUALES","isPartOf":{"@id":"https:\/\/alapcco.com\/#website"},"datePublished":"2022-02-21T20:15:32+00:00","dateModified":"2024-06-07T18:25:26+00:00","description":"CLAPCCO es un congreso promovido por ALAPCCO y tiene como objetivo reunir conferencias, mesas redondas y otras presentaciones con los temas m\u00e1s relevantes de la Terapia Cognitiva y Conductual en Am\u00e9rica Latina.","breadcrumb":{"@id":"https:\/\/alapcco.com\/clapcco#breadcrumb"},"inLanguage":"es-ES","potentialAction":[{"@type":"ReadAction","target":["https:\/\/alapcco.com\/clapcco"]}]},{"@type":"BreadcrumbList","@id":"https:\/\/alapcco.com\/clapcco#breadcrumb","itemListElement":[{"@type":"ListItem","position":1,"name":"In\u00edcio","item":"https:\/\/alapcco.com\/"},{"@type":"ListItem","position":2,"name":"CLAPCCO"}]}]}},"_links":{"self":[{"href":"https:\/\/alapcco.com\/es\/wp-json\/wp\/v2\/pages\/2019"}],"collection":[{"href":"https:\/\/alapcco.com\/es\/wp-json\/wp\/v2\/pages"}],"about":[{"href":"https:\/\/alapcco.com\/es\/wp-json\/wp\/v2\/types\/page"}],"author":[{"embeddable":true,"href":"https:\/\/alapcco.com\/es\/wp-json\/wp\/v2\/users\/1"}],"replies":[{"embeddable":true,"href":"https:\/\/alapcco.com\/es\/wp-json\/wp\/v2\/comments?post=2019"}],"version-history":[{"count":335,"href":"https:\/\/alapcco.com\/es\/wp-json\/wp\/v2\/pages\/2019\/revisions"}],"predecessor-version":[{"id":6247,"href":"https:\/\/alapcco.com\/es\/wp-json\/wp\/v2\/pages\/2019\/revisions\/6247"}],"wp:attachment":[{"href":"https:\/\/alapcco.com\/es\/wp-json\/wp\/v2\/media?parent=2019"}],"curies":[{"name":"wp","href":"https:\/\/api.w.org\/{rel}","templated":true}]}}